{"id":2169,"date":"2023-03-12T16:02:50","date_gmt":"2023-03-12T15:02:50","guid":{"rendered":"https:\/\/eestimaja.se\/?page_id=2169"},"modified":"2023-06-07T11:57:41","modified_gmt":"2023-06-07T09:57:41","slug":"teated-ja-uudised","status":"publish","type":"page","link":"https:\/\/eestimaja.se\/et\/teated-ja-uudised\/","title":{"rendered":"Teated ja uudised"},"content":{"rendered":"<div class=\"wpb-content-wrapper\"><p>[vc_row css=&#8221;.vc_custom_1679251722833{margin-top: 60px !important;}&#8221;][vc_column]<div class=\"wpb_content_element  vc_custom_1679251833267\"><style type=\"text\/css\">#ut_header_69f4f6b3ce568 h2.page-title { font-size:50px !important;line-height:100px !important;letter-spacing:-0.03em; }@media (min-width: 1025px) and (max-width: 1679px) {#ut_header_69f4f6b3ce568 h2.page-title { font-size:40px !important; }}@media (min-width: 768px) and (max-width: 1024px) {#ut_header_69f4f6b3ce568 h2.page-title { font-size:30px !important; }}@media (max-width: 767px) {#ut_header_69f4f6b3ce568 h2.page-title { font-size:30px !important; }}<\/style><header id=\"ut_header_69f4f6b3ce568\" class=\"page-header page-title-module  ut-no-title-linebreak-mobile ut-no-lead-linebreak-mobile pt-style-7 header-center header-tablet-center header-mobile-center element-with-custom-line-height\"><div class=\"element-with-custom-line-height\" ><h2 data-title=\"Teated ja uudised\"  data-responsive-font=\"page_title\" data-responsive-font-settings=\"{&quot;base-font-size&quot;:&quot;50&quot;,&quot;font-size-unit&quot;:&quot;px&quot;,&quot;font-size&quot;:{&quot;desktop_large&quot;:&quot;50&quot;,&quot;desktop_small&quot;:&quot;40&quot;,&quot;tablet&quot;:&quot;30&quot;,&quot;mobile&quot;:&quot;30&quot;},&quot;base-line-height&quot;:&quot;global&quot;,&quot;line-height&quot;:{&quot;desktop_large&quot;:&quot;100&quot;},&quot;base-letter-spacing&quot;:&quot;global&quot;,&quot;letter-spacing&quot;:{&quot;desktop_large&quot;:&quot;-0.03&quot;}}\" class=\"page-title  \"><span>Teated ja uudised<\/span><\/h2><\/div><\/header><\/div><style type=\"text\/css\">#ut_blog_grid_69f4f6b3d4e9c .date-format { display:none; }#ut_blog_grid_69f4f6b3d4e9c .ut-blog-grid-article-inner { -webkit-box-shadow:none; -moz-box-shadow:none; box-shadow:none; }#ut_blog_grid_69f4f6b3d4e9c .ut-blog-grid-article-inner { border:none; }#ut_blog_grid_69f4f6b3d4e9c .ut-blog-grid-content-wrap { padding:40px 0 0 0; }<\/style><div id=\"ut_blog_grid_69f4f6b3d4e9c\" class=\"ut-blog-grid-module blog\"><div class=\"ut-blog-grid  clearfix ut-blog-grid-date-default\">\r\n<article id=\"post-3238\" class=\"grid-33 tablet-grid-50 mobile-grid-100 ut-blog-grid-article clearfix post-3238 post type-post status-publish format-standard hentry category-teated\">\r\n    \r\n    <div class=\"ut-blog-grid-article-inner\">\r\n    \t\r\n\t\t\t\t\r\n                \r\n        \r\n            <div class=\"ut-post-thumbnail\">\r\n\r\n                <div class=\"entry-thumbnail\">\r\n\r\n                    <a title=\"Permanent Link to Aastakoosolek 2026\" href=\"https:\/\/eestimaja.se\/et\/aastakoosolek-2026\/\">\r\n\r\n                        <figure class=\"ut-post-thumbnail-caption-wrap\">\r\n\r\n                            <img loading=\"lazy\" decoding=\"async\" src=\"data:image\/svg+xml;charset=utf-8,%3Csvg xmlns%3D'http%3A%2F%2Fwww.w3.org%2F2000%2Fsvg' viewBox%3D'0 0 750 625'%2F%3E\" width=\"750\" height=\"625\" data-src=\"https:\/\/eestimaja.se\/wp-content\/themes\/brooklyn\/images\/placeholder\/blog-placeholder-image.jpg\" class=\"ut-adaptive-image skip-lazy wp-post-image\"> \r\n                        <\/figure>\r\n\r\n                    <\/a>\r\n\r\n                    <a href=\"https:\/\/eestimaja.se\/et\/2026\/04\/\">\r\n\r\n                        <div class=\"date-format\">\r\n                            <span class=\"day\">20<\/span>\r\n                            <span class=\"month\">apr. 2026<\/span>\r\n                        <\/div>\r\n\r\n                    <\/a>\r\n\r\n                <\/div>\r\n\r\n            <\/div>\r\n            \r\n                \r\n        <a class=\"ut-blog-link\" title=\"Aastakoosolek 2026\" href=\"https:\/\/eestimaja.se\/et\/aastakoosolek-2026\/\" rel=\"bookmark\">     \r\n              \r\n            <div class=\"ut-blog-grid-content-wrap\"> \r\n\r\n                \r\n                    <header class=\"entry-header\">\r\n\r\n                        <h2 data-responsive-font=\"grid_blog_title\" class=\"entry-title\">Aastakoosolek 2026<\/h2>\r\n\r\n                    <\/header>\r\n                    <!-- close entry-header -->\r\n\r\n                 \r\n\r\n                <!-- entry-content -->\r\n                <div class=\"entry-content clearfix\">\r\n\r\n                    <p>Aastakoosolek toimub 21. mail 2026 kell 18.00 Eesti Majas. Osalemisest palume teatada hiljemalt 14. mail. Koosolekust on oodatud osa v\u00f5tma&hellip;<\/p>\n\r\n                <\/div>\r\n                <!-- entry-content -->\r\n\r\n            <\/div>\r\n        \r\n        <\/a>\r\n        \r\n\t\t                        \r\n    <\/div>\r\n    \r\n<\/article>\r\n<!-- #post-3238 -->\r\n\r\n<article id=\"post-3197\" class=\"grid-33 tablet-grid-50 mobile-grid-100 ut-blog-grid-article clearfix post-3197 post type-post status-publish format-standard hentry category-teated\">\r\n    \r\n    <div class=\"ut-blog-grid-article-inner\">\r\n    \t\r\n\t\t\t\t\r\n                \r\n        \r\n            <div class=\"ut-post-thumbnail\">\r\n\r\n                <div class=\"entry-thumbnail\">\r\n\r\n                    <a title=\"Permanent Link to Erakorraline \u00fcldkoosolek\" href=\"https:\/\/eestimaja.se\/et\/erakorraline-uldkoosolek\/\">\r\n\r\n                        <figure class=\"ut-post-thumbnail-caption-wrap\">\r\n\r\n                            <img loading=\"lazy\" decoding=\"async\" src=\"data:image\/svg+xml;charset=utf-8,%3Csvg xmlns%3D'http%3A%2F%2Fwww.w3.org%2F2000%2Fsvg' viewBox%3D'0 0 750 625'%2F%3E\" width=\"750\" height=\"625\" data-src=\"https:\/\/eestimaja.se\/wp-content\/themes\/brooklyn\/images\/placeholder\/blog-placeholder-image.jpg\" class=\"ut-adaptive-image skip-lazy wp-post-image\"> \r\n                        <\/figure>\r\n\r\n                    <\/a>\r\n\r\n                    <a href=\"https:\/\/eestimaja.se\/et\/2026\/02\/\">\r\n\r\n                        <div class=\"date-format\">\r\n                            <span class=\"day\">04<\/span>\r\n                            <span class=\"month\">veebr. 2026<\/span>\r\n                        <\/div>\r\n\r\n                    <\/a>\r\n\r\n                <\/div>\r\n\r\n            <\/div>\r\n            \r\n                \r\n        <a class=\"ut-blog-link\" title=\"Erakorraline \u00fcldkoosolek\" href=\"https:\/\/eestimaja.se\/et\/erakorraline-uldkoosolek\/\" rel=\"bookmark\">     \r\n              \r\n            <div class=\"ut-blog-grid-content-wrap\"> \r\n\r\n                \r\n                    <header class=\"entry-header\">\r\n\r\n                        <h2 data-responsive-font=\"grid_blog_title\" class=\"entry-title\">Erakorraline \u00fcldkoosolek<\/h2>\r\n\r\n                    <\/header>\r\n                    <!-- close entry-header -->\r\n\r\n                 \r\n\r\n                <!-- entry-content -->\r\n                <div class=\"entry-content clearfix\">\r\n\r\n                    <p>AB EESTI MAJA \u2013 ESTNISKA HUSET (publ) kutsub k\u00e4esolevaga aktsion\u00e4re erakorralisele \u00fcldkoosolekule 26. veebruaril kl 18.00 Stockholmi Eesti Maja ruumides,&hellip;<\/p>\n\r\n                <\/div>\r\n                <!-- entry-content -->\r\n\r\n            <\/div>\r\n        \r\n        <\/a>\r\n        \r\n\t\t                        \r\n    <\/div>\r\n    \r\n<\/article>\r\n<!-- #post-3197 -->\r\n\r\n<article id=\"post-3029\" class=\"grid-33 tablet-grid-50 mobile-grid-100 ut-blog-grid-article clearfix post-3029 post type-post status-publish format-standard hentry category-teated\">\r\n    \r\n    <div class=\"ut-blog-grid-article-inner\">\r\n    \t\r\n\t\t\t\t\r\n                \r\n        \r\n            <div class=\"ut-post-thumbnail\">\r\n\r\n                <div class=\"entry-thumbnail\">\r\n\r\n                    <a title=\"Permanent Link to Aastaaruanne 2024 avaldatud\" href=\"https:\/\/eestimaja.se\/et\/aastaaruanne-2024-avaldatud\/\">\r\n\r\n                        <figure class=\"ut-post-thumbnail-caption-wrap\">\r\n\r\n                            <img loading=\"lazy\" decoding=\"async\" src=\"data:image\/svg+xml;charset=utf-8,%3Csvg xmlns%3D'http%3A%2F%2Fwww.w3.org%2F2000%2Fsvg' viewBox%3D'0 0 750 625'%2F%3E\" width=\"750\" height=\"625\" data-src=\"https:\/\/eestimaja.se\/wp-content\/themes\/brooklyn\/images\/placeholder\/blog-placeholder-image.jpg\" class=\"ut-adaptive-image skip-lazy wp-post-image\"> \r\n                        <\/figure>\r\n\r\n                    <\/a>\r\n\r\n                    <a href=\"https:\/\/eestimaja.se\/et\/2025\/05\/\">\r\n\r\n                        <div class=\"date-format\">\r\n                            <span class=\"day\">06<\/span>\r\n                            <span class=\"month\">mai 2025<\/span>\r\n                        <\/div>\r\n\r\n                    <\/a>\r\n\r\n                <\/div>\r\n\r\n            <\/div>\r\n            \r\n                \r\n        <a class=\"ut-blog-link\" title=\"Aastaaruanne 2024 avaldatud\" href=\"https:\/\/eestimaja.se\/et\/aastaaruanne-2024-avaldatud\/\" rel=\"bookmark\">     \r\n              \r\n            <div class=\"ut-blog-grid-content-wrap\"> \r\n\r\n                \r\n                    <header class=\"entry-header\">\r\n\r\n                        <h2 data-responsive-font=\"grid_blog_title\" class=\"entry-title\">Aastaaruanne 2024 avaldatud<\/h2>\r\n\r\n                    <\/header>\r\n                    <!-- close entry-header -->\r\n\r\n                 \r\n\r\n                <!-- entry-content -->\r\n                <div class=\"entry-content clearfix\">\r\n\r\n                    <p>Allpool leiate lingi aastaaruandele koos audiitori j\u00e4reldusotsuse ja aastakoosoleku p\u00e4evakorraga. Aastaaruanne 2024 Avaldamine on viibinud haiguse t\u00f5ttu<\/p>\n\r\n                <\/div>\r\n                <!-- entry-content -->\r\n\r\n            <\/div>\r\n        \r\n        <\/a>\r\n        \r\n\t\t                        \r\n    <\/div>\r\n    \r\n<\/article>\r\n<!-- #post-3029 -->\r\n\r\n<article id=\"post-3013\" class=\"grid-33 tablet-grid-50 mobile-grid-100 ut-blog-grid-article clearfix post-3013 post type-post status-publish format-standard hentry category-teated\">\r\n    \r\n    <div class=\"ut-blog-grid-article-inner\">\r\n    \t\r\n\t\t\t\t\r\n                \r\n        \r\n            <div class=\"ut-post-thumbnail\">\r\n\r\n                <div class=\"entry-thumbnail\">\r\n\r\n                    <a title=\"Permanent Link to Aastaaruanne hilinenud\" href=\"https:\/\/eestimaja.se\/et\/aastaaruanne-hilinenud\/\">\r\n\r\n                        <figure class=\"ut-post-thumbnail-caption-wrap\">\r\n\r\n                            <img loading=\"lazy\" decoding=\"async\" src=\"data:image\/svg+xml;charset=utf-8,%3Csvg xmlns%3D'http%3A%2F%2Fwww.w3.org%2F2000%2Fsvg' viewBox%3D'0 0 750 625'%2F%3E\" width=\"750\" height=\"625\" data-src=\"https:\/\/eestimaja.se\/wp-content\/themes\/brooklyn\/images\/placeholder\/blog-placeholder-image.jpg\" class=\"ut-adaptive-image skip-lazy wp-post-image\"> \r\n                        <\/figure>\r\n\r\n                    <\/a>\r\n\r\n                    <a href=\"https:\/\/eestimaja.se\/et\/2025\/04\/\">\r\n\r\n                        <div class=\"date-format\">\r\n                            <span class=\"day\">30<\/span>\r\n                            <span class=\"month\">apr. 2025<\/span>\r\n                        <\/div>\r\n\r\n                    <\/a>\r\n\r\n                <\/div>\r\n\r\n            <\/div>\r\n            \r\n                \r\n        <a class=\"ut-blog-link\" title=\"Aastaaruanne hilinenud\" href=\"https:\/\/eestimaja.se\/et\/aastaaruanne-hilinenud\/\" rel=\"bookmark\">     \r\n              \r\n            <div class=\"ut-blog-grid-content-wrap\"> \r\n\r\n                \r\n                    <header class=\"entry-header\">\r\n\r\n                        <h2 data-responsive-font=\"grid_blog_title\" class=\"entry-title\">Aastaaruanne hilinenud<\/h2>\r\n\r\n                    <\/header>\r\n                    <!-- close entry-header -->\r\n\r\n                 \r\n\r\n                <!-- entry-content -->\r\n                <div class=\"entry-content clearfix\">\r\n\r\n                    <p>Juhatus teatab, et 2024 tegevusaasta aruande ja audiitori j\u00e4reldusotsuse avaldamine hilineb haiguse t\u00f5ttu.<\/p>\n\r\n                <\/div>\r\n                <!-- entry-content -->\r\n\r\n            <\/div>\r\n        \r\n        <\/a>\r\n        \r\n\t\t                        \r\n    <\/div>\r\n    \r\n<\/article>\r\n<!-- #post-3013 -->\r\n\r\n<article id=\"post-3005\" class=\"grid-33 tablet-grid-50 mobile-grid-100 ut-blog-grid-article clearfix post-3005 post type-post status-publish format-standard has-post-thumbnail hentry category-teated\">\r\n    \r\n    <div class=\"ut-blog-grid-article-inner\">\r\n    \t\r\n\t\t\t\t\r\n                        \r\n\r\n        <!-- ut-post-thumbnail -->\r\n        <div class=\"ut-post-thumbnail\">     \r\n\r\n            <div class=\"entry-thumbnail\">\r\n\r\n                \r\n                <a title=\"Permanent Link to Aastakoosolek 2025\" href=\"https:\/\/eestimaja.se\/et\/aastakoosolek-2025\/\">                \r\n                    \r\n                    <figure class=\"ut-post-thumbnail-caption-wrap\">\r\n\r\n                        \r\n        <img loading=\"lazy\" decoding=\"async\" data-adaptive-images=\"{&quot;300&quot;:&quot;https:\\\/\\\/eestimaja.se\\\/wp-content\\\/uploads\\\/2023\\\/03\\\/Annual-meeting-300x250.jpg&quot;,&quot;500&quot;:&quot;https:\\\/\\\/eestimaja.se\\\/wp-content\\\/uploads\\\/2023\\\/03\\\/Annual-meeting-500x417.jpg&quot;,&quot;750&quot;:&quot;https:\\\/\\\/eestimaja.se\\\/wp-content\\\/uploads\\\/2023\\\/03\\\/Annual-meeting-750x625.jpg&quot;,&quot;1000&quot;:&quot;https:\\\/\\\/eestimaja.se\\\/wp-content\\\/uploads\\\/2023\\\/03\\\/Annual-meeting-1000x833.jpg&quot;,&quot;1500&quot;:&quot;https:\\\/\\\/eestimaja.se\\\/wp-content\\\/uploads\\\/2023\\\/03\\\/Annual-meeting-1500x1250.jpg&quot;,&quot;2500&quot;:&quot;https:\\\/\\\/eestimaja.se\\\/wp-content\\\/uploads\\\/2023\\\/03\\\/Annual-meeting-2500x2083.jpg&quot;}\" src=\"data:image\/svg+xml;charset=utf-8,%3Csvg xmlns%3D&#039;http%3A%2F%2Fwww.w3.org%2F2000%2Fsvg&#039; viewBox%3D&#039;0 0 1500 1250&#039;%2F%3E\" width=\"1500\" height=\"1250\" data-src=\"https:\/\/eestimaja.se\/wp-content\/uploads\/2023\/03\/Annual-meeting-1500x1250.jpg\" data-image-id=\"1766\" class=\"ut-adaptive-image wp-post-image skip-lazy \">\r\n\r\n        \r\n                        \r\n                    <\/figure>\r\n                    \r\n                <\/a>  \r\n                \r\n                <a href=\"https:\/\/eestimaja.se\/et\/2025\/04\/\">\r\n                \r\n                    <div class=\"date-format\">\r\n                        <span class=\"day\">11<\/span>\r\n                        <span class=\"month\">apr. 2025<\/span>\r\n                    <\/div>\r\n                \r\n                <\/a>\r\n\r\n            <\/div>                                                                                                                         \r\n\r\n        <\/div><!-- close ut-post-thumbnail -->\r\n\r\n                \r\n                \r\n        <a class=\"ut-blog-link\" title=\"Aastakoosolek 2025\" href=\"https:\/\/eestimaja.se\/et\/aastakoosolek-2025\/\" rel=\"bookmark\">     \r\n              \r\n            <div class=\"ut-blog-grid-content-wrap\"> \r\n\r\n                \r\n                    <header class=\"entry-header\">\r\n\r\n                        <h2 data-responsive-font=\"grid_blog_title\" class=\"entry-title\">Aastakoosolek 2025<\/h2>\r\n\r\n                    <\/header>\r\n                    <!-- close entry-header -->\r\n\r\n                 \r\n\r\n                <!-- entry-content -->\r\n                <div class=\"entry-content clearfix\">\r\n\r\n                    <p>AB Eesti Maja - Estniska Huset aastakoosolek AB Eesti Maja - Estniska Huset aastakoosolek toimub 15. mail 2025 kell 18.00&hellip;<\/p>\n\r\n                <\/div>\r\n                <!-- entry-content -->\r\n\r\n            <\/div>\r\n        \r\n        <\/a>\r\n        \r\n\t\t                        \r\n    <\/div>\r\n    \r\n<\/article>\r\n<!-- #post-3005 -->\r\n\r\n<article id=\"post-2943\" class=\"grid-33 tablet-grid-50 mobile-grid-100 ut-blog-grid-article clearfix post-2943 post type-post status-publish format-standard has-post-thumbnail hentry category-teated\">\r\n    \r\n    <div class=\"ut-blog-grid-article-inner\">\r\n    \t\r\n\t\t\t\t\r\n                        \r\n\r\n        <!-- ut-post-thumbnail -->\r\n        <div class=\"ut-post-thumbnail\">     \r\n\r\n            <div class=\"entry-thumbnail\">\r\n\r\n                \r\n                <a title=\"Permanent Link to Aktsion\u00e4ridele. Ettepanekud 2025 aasta \u00fcldkoosolekule\" href=\"https:\/\/eestimaja.se\/et\/aktsionaridele-ettepanekud-2025-aasta-uldkoosolekule\/\">                \r\n                    \r\n                    <figure class=\"ut-post-thumbnail-caption-wrap\">\r\n\r\n                        \r\n        <img loading=\"lazy\" decoding=\"async\" data-adaptive-images=\"{&quot;300&quot;:&quot;https:\\\/\\\/eestimaja.se\\\/wp-content\\\/uploads\\\/2023\\\/03\\\/Annual-meeting-300x250.jpg&quot;,&quot;500&quot;:&quot;https:\\\/\\\/eestimaja.se\\\/wp-content\\\/uploads\\\/2023\\\/03\\\/Annual-meeting-500x417.jpg&quot;,&quot;750&quot;:&quot;https:\\\/\\\/eestimaja.se\\\/wp-content\\\/uploads\\\/2023\\\/03\\\/Annual-meeting-750x625.jpg&quot;,&quot;1000&quot;:&quot;https:\\\/\\\/eestimaja.se\\\/wp-content\\\/uploads\\\/2023\\\/03\\\/Annual-meeting-1000x833.jpg&quot;,&quot;1500&quot;:&quot;https:\\\/\\\/eestimaja.se\\\/wp-content\\\/uploads\\\/2023\\\/03\\\/Annual-meeting-1500x1250.jpg&quot;,&quot;2500&quot;:&quot;https:\\\/\\\/eestimaja.se\\\/wp-content\\\/uploads\\\/2023\\\/03\\\/Annual-meeting-2500x2083.jpg&quot;}\" src=\"data:image\/svg+xml;charset=utf-8,%3Csvg xmlns%3D&#039;http%3A%2F%2Fwww.w3.org%2F2000%2Fsvg&#039; viewBox%3D&#039;0 0 1500 1250&#039;%2F%3E\" width=\"1500\" height=\"1250\" data-src=\"https:\/\/eestimaja.se\/wp-content\/uploads\/2023\/03\/Annual-meeting-1500x1250.jpg\" data-image-id=\"1766\" class=\"ut-adaptive-image wp-post-image skip-lazy \">\r\n\r\n        \r\n                        \r\n                    <\/figure>\r\n                    \r\n                <\/a>  \r\n                \r\n                <a href=\"https:\/\/eestimaja.se\/et\/2025\/03\/\">\r\n                \r\n                    <div class=\"date-format\">\r\n                        <span class=\"day\">22<\/span>\r\n                        <span class=\"month\">m\u00e4rts 2025<\/span>\r\n                    <\/div>\r\n                \r\n                <\/a>\r\n\r\n            <\/div>                                                                                                                         \r\n\r\n        <\/div><!-- close ut-post-thumbnail -->\r\n\r\n                \r\n                \r\n        <a class=\"ut-blog-link\" title=\"Aktsion\u00e4ridele. Ettepanekud 2025 aasta \u00fcldkoosolekule\" href=\"https:\/\/eestimaja.se\/et\/aktsionaridele-ettepanekud-2025-aasta-uldkoosolekule\/\" rel=\"bookmark\">     \r\n              \r\n            <div class=\"ut-blog-grid-content-wrap\"> \r\n\r\n                \r\n                    <header class=\"entry-header\">\r\n\r\n                        <h2 data-responsive-font=\"grid_blog_title\" class=\"entry-title\">Aktsion\u00e4ridele. Ettepanekud 2025 aasta \u00fcldkoosolekule<\/h2>\r\n\r\n                    <\/header>\r\n                    <!-- close entry-header -->\r\n\r\n                 \r\n\r\n                <!-- entry-content -->\r\n                <div class=\"entry-content clearfix\">\r\n\r\n                    <p>EM juhatus teatab, et ettepanekud 2025 aasta aastakoosolekule tuleb esitada hiljemalt 8 aprillil 2025.<\/p>\n\r\n                <\/div>\r\n                <!-- entry-content -->\r\n\r\n            <\/div>\r\n        \r\n        <\/a>\r\n        \r\n\t\t                        \r\n    <\/div>\r\n    \r\n<\/article>\r\n<!-- #post-2943 -->\r\n\r\n<article id=\"post-2886\" class=\"grid-33 tablet-grid-50 mobile-grid-100 ut-blog-grid-article clearfix post-2886 post type-post status-publish format-standard has-post-thumbnail hentry category-teated category-uncategorized-et\">\r\n    \r\n    <div class=\"ut-blog-grid-article-inner\">\r\n    \t\r\n\t\t\t\t\r\n                        \r\n\r\n        <!-- ut-post-thumbnail -->\r\n        <div class=\"ut-post-thumbnail\">     \r\n\r\n            <div class=\"entry-thumbnail\">\r\n\r\n                \r\n                <a title=\"Permanent Link to Eesti Maja ETV saates Prillitoos\" href=\"https:\/\/eestimaja.se\/et\/eesti-maja-etv-saates-prillitoos\/\">                \r\n                    \r\n                    <figure class=\"ut-post-thumbnail-caption-wrap\">\r\n\r\n                        \r\n        <img loading=\"lazy\" decoding=\"async\" data-adaptive-images=\"{&quot;300&quot;:&quot;https:\\\/\\\/eestimaja.se\\\/wp-content\\\/uploads\\\/2024\\\/11\\\/prillitoos-reet-linna-300x250.webp&quot;,&quot;500&quot;:&quot;https:\\\/\\\/eestimaja.se\\\/wp-content\\\/uploads\\\/2024\\\/11\\\/prillitoos-reet-linna-500x417.webp&quot;,&quot;750&quot;:&quot;https:\\\/\\\/eestimaja.se\\\/wp-content\\\/uploads\\\/2024\\\/11\\\/prillitoos-reet-linna-750x625.webp&quot;,&quot;1000&quot;:&quot;https:\\\/\\\/eestimaja.se\\\/wp-content\\\/uploads\\\/2024\\\/11\\\/prillitoos-reet-linna-1000x833.webp&quot;,&quot;1500&quot;:&quot;https:\\\/\\\/eestimaja.se\\\/wp-content\\\/uploads\\\/2024\\\/11\\\/prillitoos-reet-linna-1500x1250.webp&quot;,&quot;2500&quot;:&quot;https:\\\/\\\/eestimaja.se\\\/wp-content\\\/uploads\\\/2024\\\/11\\\/prillitoos-reet-linna-2500x2083.webp&quot;}\" src=\"data:image\/svg+xml;charset=utf-8,%3Csvg xmlns%3D&#039;http%3A%2F%2Fwww.w3.org%2F2000%2Fsvg&#039; viewBox%3D&#039;0 0 1500 1250&#039;%2F%3E\" width=\"1500\" height=\"1250\" data-src=\"https:\/\/eestimaja.se\/wp-content\/uploads\/2024\/11\/prillitoos-reet-linna-1500x1250.webp\" data-image-id=\"2891\" class=\"ut-adaptive-image wp-post-image skip-lazy \">\r\n\r\n        \r\n                        \r\n                    <\/figure>\r\n                    \r\n                <\/a>  \r\n                \r\n                <a href=\"https:\/\/eestimaja.se\/et\/2024\/11\/\">\r\n                \r\n                    <div class=\"date-format\">\r\n                        <span class=\"day\">19<\/span>\r\n                        <span class=\"month\">nov. 2024<\/span>\r\n                    <\/div>\r\n                \r\n                <\/a>\r\n\r\n            <\/div>                                                                                                                         \r\n\r\n        <\/div><!-- close ut-post-thumbnail -->\r\n\r\n                \r\n                \r\n        <a class=\"ut-blog-link\" title=\"Eesti Maja ETV saates Prillitoos\" href=\"https:\/\/eestimaja.se\/et\/eesti-maja-etv-saates-prillitoos\/\" rel=\"bookmark\">     \r\n              \r\n            <div class=\"ut-blog-grid-content-wrap\"> \r\n\r\n                \r\n                    <header class=\"entry-header\">\r\n\r\n                        <h2 data-responsive-font=\"grid_blog_title\" class=\"entry-title\">Eesti Maja ETV saates Prillitoos<\/h2>\r\n\r\n                    <\/header>\r\n                    <!-- close entry-header -->\r\n\r\n                 \r\n\r\n                <!-- entry-content -->\r\n                <div class=\"entry-content clearfix\">\r\n\r\n                    <p>Meil oli suur r\u00f5\u00f5m v\u00f5\u00f5rustada ETV saate Prillitoos meeskonda maikuus Stockholmi Eesti Majas ja n\u00e4idata Eesti Maja argip\u00e4eva.<\/p>\n\r\n                <\/div>\r\n                <!-- entry-content -->\r\n\r\n            <\/div>\r\n        \r\n        <\/a>\r\n        \r\n\t\t                        \r\n    <\/div>\r\n    \r\n<\/article>\r\n<!-- #post-2886 -->\r\n\r\n<article id=\"post-2613\" class=\"grid-33 tablet-grid-50 mobile-grid-100 ut-blog-grid-article clearfix post-2613 post type-post status-publish format-standard has-post-thumbnail hentry category-teated\">\r\n    \r\n    <div class=\"ut-blog-grid-article-inner\">\r\n    \t\r\n\t\t\t\t\r\n                        \r\n\r\n        <!-- ut-post-thumbnail -->\r\n        <div class=\"ut-post-thumbnail\">     \r\n\r\n            <div class=\"entry-thumbnail\">\r\n\r\n                \r\n                <a title=\"Permanent Link to Aasta \u00fcldkoosolek 2024\" href=\"https:\/\/eestimaja.se\/et\/aasta-uldkoosolek-2024\/\">                \r\n                    \r\n                    <figure class=\"ut-post-thumbnail-caption-wrap\">\r\n\r\n                        \r\n        <img loading=\"lazy\" decoding=\"async\" data-adaptive-images=\"{&quot;300&quot;:&quot;https:\\\/\\\/eestimaja.se\\\/wp-content\\\/uploads\\\/2023\\\/03\\\/Annual-meeting-300x250.jpg&quot;,&quot;500&quot;:&quot;https:\\\/\\\/eestimaja.se\\\/wp-content\\\/uploads\\\/2023\\\/03\\\/Annual-meeting-500x417.jpg&quot;,&quot;750&quot;:&quot;https:\\\/\\\/eestimaja.se\\\/wp-content\\\/uploads\\\/2023\\\/03\\\/Annual-meeting-750x625.jpg&quot;,&quot;1000&quot;:&quot;https:\\\/\\\/eestimaja.se\\\/wp-content\\\/uploads\\\/2023\\\/03\\\/Annual-meeting-1000x833.jpg&quot;,&quot;1500&quot;:&quot;https:\\\/\\\/eestimaja.se\\\/wp-content\\\/uploads\\\/2023\\\/03\\\/Annual-meeting-1500x1250.jpg&quot;,&quot;2500&quot;:&quot;https:\\\/\\\/eestimaja.se\\\/wp-content\\\/uploads\\\/2023\\\/03\\\/Annual-meeting-2500x2083.jpg&quot;}\" src=\"data:image\/svg+xml;charset=utf-8,%3Csvg xmlns%3D&#039;http%3A%2F%2Fwww.w3.org%2F2000%2Fsvg&#039; viewBox%3D&#039;0 0 1500 1250&#039;%2F%3E\" width=\"1500\" height=\"1250\" data-src=\"https:\/\/eestimaja.se\/wp-content\/uploads\/2023\/03\/Annual-meeting-1500x1250.jpg\" data-image-id=\"1766\" class=\"ut-adaptive-image wp-post-image skip-lazy \">\r\n\r\n        \r\n                        \r\n                    <\/figure>\r\n                    \r\n                <\/a>  \r\n                \r\n                <a href=\"https:\/\/eestimaja.se\/et\/2024\/04\/\">\r\n                \r\n                    <div class=\"date-format\">\r\n                        <span class=\"day\">11<\/span>\r\n                        <span class=\"month\">apr. 2024<\/span>\r\n                    <\/div>\r\n                \r\n                <\/a>\r\n\r\n            <\/div>                                                                                                                         \r\n\r\n        <\/div><!-- close ut-post-thumbnail -->\r\n\r\n                \r\n                \r\n        <a class=\"ut-blog-link\" title=\"Aasta \u00fcldkoosolek 2024\" href=\"https:\/\/eestimaja.se\/et\/aasta-uldkoosolek-2024\/\" rel=\"bookmark\">     \r\n              \r\n            <div class=\"ut-blog-grid-content-wrap\"> \r\n\r\n                \r\n                    <header class=\"entry-header\">\r\n\r\n                        <h2 data-responsive-font=\"grid_blog_title\" class=\"entry-title\">Aasta \u00fcldkoosolek 2024<\/h2>\r\n\r\n                    <\/header>\r\n                    <!-- close entry-header -->\r\n\r\n                 \r\n\r\n                <!-- entry-content -->\r\n                <div class=\"entry-content clearfix\">\r\n\r\n                    <p>Koosoleku dokumendid ja osaluskutse<\/p>\n\r\n                <\/div>\r\n                <!-- entry-content -->\r\n\r\n            <\/div>\r\n        \r\n        <\/a>\r\n        \r\n\t\t                        \r\n    <\/div>\r\n    \r\n<\/article>\r\n<!-- #post-2613 -->\r\n\r\n<article id=\"post-2599\" class=\"grid-33 tablet-grid-50 mobile-grid-100 ut-blog-grid-article clearfix post-2599 post type-post status-publish format-standard has-post-thumbnail hentry category-teated\">\r\n    \r\n    <div class=\"ut-blog-grid-article-inner\">\r\n    \t\r\n\t\t\t\t\r\n                        \r\n\r\n        <!-- ut-post-thumbnail -->\r\n        <div class=\"ut-post-thumbnail\">     \r\n\r\n            <div class=\"entry-thumbnail\">\r\n\r\n                \r\n                <a title=\"Permanent Link to Ettepanekud 2024 aasta \u00fcldkoosolekule\" href=\"https:\/\/eestimaja.se\/et\/ettepanekud-2024-aasta-uldkoosolekule\/\">                \r\n                    \r\n                    <figure class=\"ut-post-thumbnail-caption-wrap\">\r\n\r\n                        \r\n        <img loading=\"lazy\" decoding=\"async\" data-adaptive-images=\"{&quot;300&quot;:&quot;https:\\\/\\\/eestimaja.se\\\/wp-content\\\/uploads\\\/2023\\\/03\\\/Annual-meeting-300x250.jpg&quot;,&quot;500&quot;:&quot;https:\\\/\\\/eestimaja.se\\\/wp-content\\\/uploads\\\/2023\\\/03\\\/Annual-meeting-500x417.jpg&quot;,&quot;750&quot;:&quot;https:\\\/\\\/eestimaja.se\\\/wp-content\\\/uploads\\\/2023\\\/03\\\/Annual-meeting-750x625.jpg&quot;,&quot;1000&quot;:&quot;https:\\\/\\\/eestimaja.se\\\/wp-content\\\/uploads\\\/2023\\\/03\\\/Annual-meeting-1000x833.jpg&quot;,&quot;1500&quot;:&quot;https:\\\/\\\/eestimaja.se\\\/wp-content\\\/uploads\\\/2023\\\/03\\\/Annual-meeting-1500x1250.jpg&quot;,&quot;2500&quot;:&quot;https:\\\/\\\/eestimaja.se\\\/wp-content\\\/uploads\\\/2023\\\/03\\\/Annual-meeting-2500x2083.jpg&quot;}\" src=\"data:image\/svg+xml;charset=utf-8,%3Csvg xmlns%3D&#039;http%3A%2F%2Fwww.w3.org%2F2000%2Fsvg&#039; viewBox%3D&#039;0 0 1500 1250&#039;%2F%3E\" width=\"1500\" height=\"1250\" data-src=\"https:\/\/eestimaja.se\/wp-content\/uploads\/2023\/03\/Annual-meeting-1500x1250.jpg\" data-image-id=\"1766\" class=\"ut-adaptive-image wp-post-image skip-lazy \">\r\n\r\n        \r\n                        \r\n                    <\/figure>\r\n                    \r\n                <\/a>  \r\n                \r\n                <a href=\"https:\/\/eestimaja.se\/et\/2024\/03\/\">\r\n                \r\n                    <div class=\"date-format\">\r\n                        <span class=\"day\">03<\/span>\r\n                        <span class=\"month\">m\u00e4rts 2024<\/span>\r\n                    <\/div>\r\n                \r\n                <\/a>\r\n\r\n            <\/div>                                                                                                                         \r\n\r\n        <\/div><!-- close ut-post-thumbnail -->\r\n\r\n                \r\n                \r\n        <a class=\"ut-blog-link\" title=\"Ettepanekud 2024 aasta \u00fcldkoosolekule\" href=\"https:\/\/eestimaja.se\/et\/ettepanekud-2024-aasta-uldkoosolekule\/\" rel=\"bookmark\">     \r\n              \r\n            <div class=\"ut-blog-grid-content-wrap\"> \r\n\r\n                \r\n                    <header class=\"entry-header\">\r\n\r\n                        <h2 data-responsive-font=\"grid_blog_title\" class=\"entry-title\">Ettepanekud 2024 aasta \u00fcldkoosolekule<\/h2>\r\n\r\n                    <\/header>\r\n                    <!-- close entry-header -->\r\n\r\n                 \r\n\r\n                <!-- entry-content -->\r\n                <div class=\"entry-content clearfix\">\r\n\r\n                    <p>EM juhatus teatab, et ettepanekud 2024 aasta aastakoosolekule tuleb esitada hiljemalt 31 m\u00e4rtsil 2024.<\/p>\n\r\n                <\/div>\r\n                <!-- entry-content -->\r\n\r\n            <\/div>\r\n        \r\n        <\/a>\r\n        \r\n\t\t                        \r\n    <\/div>\r\n    \r\n<\/article>\r\n<!-- #post-2599 -->\r\n\r\n<article id=\"post-2261\" class=\"grid-33 tablet-grid-50 mobile-grid-100 ut-blog-grid-article clearfix post-2261 post type-post status-publish format-standard has-post-thumbnail hentry category-teated\">\r\n    \r\n    <div class=\"ut-blog-grid-article-inner\">\r\n    \t\r\n\t\t\t\t\r\n                        \r\n\r\n        <!-- ut-post-thumbnail -->\r\n        <div class=\"ut-post-thumbnail\">     \r\n\r\n            <div class=\"entry-thumbnail\">\r\n\r\n                \r\n                <a title=\"Permanent Link to \u00dcldkoosoleku protokoll 15. mai, 2023\" href=\"https:\/\/eestimaja.se\/wp-content\/uploads\/2023\/06\/Protokoll-bolagsstamma-20230515.pdf\">                \r\n                    \r\n                    <figure class=\"ut-post-thumbnail-caption-wrap\">\r\n\r\n                        \r\n        <img loading=\"lazy\" decoding=\"async\" data-adaptive-images=\"{&quot;300&quot;:&quot;https:\\\/\\\/eestimaja.se\\\/wp-content\\\/uploads\\\/2023\\\/03\\\/Annual-meeting-300x250.jpg&quot;,&quot;500&quot;:&quot;https:\\\/\\\/eestimaja.se\\\/wp-content\\\/uploads\\\/2023\\\/03\\\/Annual-meeting-500x417.jpg&quot;,&quot;750&quot;:&quot;https:\\\/\\\/eestimaja.se\\\/wp-content\\\/uploads\\\/2023\\\/03\\\/Annual-meeting-750x625.jpg&quot;,&quot;1000&quot;:&quot;https:\\\/\\\/eestimaja.se\\\/wp-content\\\/uploads\\\/2023\\\/03\\\/Annual-meeting-1000x833.jpg&quot;,&quot;1500&quot;:&quot;https:\\\/\\\/eestimaja.se\\\/wp-content\\\/uploads\\\/2023\\\/03\\\/Annual-meeting-1500x1250.jpg&quot;,&quot;2500&quot;:&quot;https:\\\/\\\/eestimaja.se\\\/wp-content\\\/uploads\\\/2023\\\/03\\\/Annual-meeting-2500x2083.jpg&quot;}\" src=\"data:image\/svg+xml;charset=utf-8,%3Csvg xmlns%3D&#039;http%3A%2F%2Fwww.w3.org%2F2000%2Fsvg&#039; viewBox%3D&#039;0 0 1500 1250&#039;%2F%3E\" width=\"1500\" height=\"1250\" data-src=\"https:\/\/eestimaja.se\/wp-content\/uploads\/2023\/03\/Annual-meeting-1500x1250.jpg\" data-image-id=\"1766\" class=\"ut-adaptive-image wp-post-image skip-lazy \">\r\n\r\n        \r\n                        \r\n                    <\/figure>\r\n                    \r\n                <\/a>  \r\n                \r\n                <a href=\"https:\/\/eestimaja.se\/et\/2023\/06\/\">\r\n                \r\n                    <div class=\"date-format\">\r\n                        <span class=\"day\">23<\/span>\r\n                        <span class=\"month\">juuni 2023<\/span>\r\n                    <\/div>\r\n                \r\n                <\/a>\r\n\r\n            <\/div>                                                                                                                         \r\n\r\n        <\/div><!-- close ut-post-thumbnail -->\r\n\r\n                \r\n                \r\n        <a class=\"ut-blog-link\" title=\"\u00dcldkoosoleku protokoll 15. mai, 2023\" href=\"https:\/\/eestimaja.se\/wp-content\/uploads\/2023\/06\/Protokoll-bolagsstamma-20230515.pdf\" rel=\"bookmark\">     \r\n              \r\n            <div class=\"ut-blog-grid-content-wrap\"> \r\n\r\n                \r\n                    <header class=\"entry-header\">\r\n\r\n                        <h2 data-responsive-font=\"grid_blog_title\" class=\"entry-title\">\u00dcldkoosoleku protokoll 15. mai, 2023<\/h2>\r\n\r\n                    <\/header>\r\n                    <!-- close entry-header -->\r\n\r\n                 \r\n\r\n                <!-- entry-content -->\r\n                <div class=\"entry-content clearfix\">\r\n\r\n                    <p>Koosolekul osales 41 aktsion\u00e4ri, kellest f\u00fc\u00fcsiliselt kohal viibis 27\u2026<\/p>\n\r\n                <\/div>\r\n                <!-- entry-content -->\r\n\r\n            <\/div>\r\n        \r\n        <\/a>\r\n        \r\n\t\t                        \r\n    <\/div>\r\n    \r\n<\/article>\r\n<!-- #post-2261 -->\r\n\r\n<article id=\"post-2211\" class=\"grid-33 tablet-grid-50 mobile-grid-100 ut-blog-grid-article clearfix post-2211 post type-post status-publish format-standard has-post-thumbnail hentry category-teated\">\r\n    \r\n    <div class=\"ut-blog-grid-article-inner\">\r\n    \t\r\n\t\t\t\t\r\n                        \r\n\r\n        <!-- ut-post-thumbnail -->\r\n        <div class=\"ut-post-thumbnail\">     \r\n\r\n            <div class=\"entry-thumbnail\">\r\n\r\n                \r\n                <a title=\"Permanent Link to Aasta \u00fcldkoosolek 2023\" href=\"https:\/\/eestimaja.se\/et\/aasta-uldkoosolek-2023\/\">                \r\n                    \r\n                    <figure class=\"ut-post-thumbnail-caption-wrap\">\r\n\r\n                        \r\n        <img loading=\"lazy\" decoding=\"async\" data-adaptive-images=\"{&quot;300&quot;:&quot;https:\\\/\\\/eestimaja.se\\\/wp-content\\\/uploads\\\/2023\\\/03\\\/Annual-meeting-300x250.jpg&quot;,&quot;500&quot;:&quot;https:\\\/\\\/eestimaja.se\\\/wp-content\\\/uploads\\\/2023\\\/03\\\/Annual-meeting-500x417.jpg&quot;,&quot;750&quot;:&quot;https:\\\/\\\/eestimaja.se\\\/wp-content\\\/uploads\\\/2023\\\/03\\\/Annual-meeting-750x625.jpg&quot;,&quot;1000&quot;:&quot;https:\\\/\\\/eestimaja.se\\\/wp-content\\\/uploads\\\/2023\\\/03\\\/Annual-meeting-1000x833.jpg&quot;,&quot;1500&quot;:&quot;https:\\\/\\\/eestimaja.se\\\/wp-content\\\/uploads\\\/2023\\\/03\\\/Annual-meeting-1500x1250.jpg&quot;,&quot;2500&quot;:&quot;https:\\\/\\\/eestimaja.se\\\/wp-content\\\/uploads\\\/2023\\\/03\\\/Annual-meeting-2500x2083.jpg&quot;}\" src=\"data:image\/svg+xml;charset=utf-8,%3Csvg xmlns%3D&#039;http%3A%2F%2Fwww.w3.org%2F2000%2Fsvg&#039; viewBox%3D&#039;0 0 1500 1250&#039;%2F%3E\" width=\"1500\" height=\"1250\" data-src=\"https:\/\/eestimaja.se\/wp-content\/uploads\/2023\/03\/Annual-meeting-1500x1250.jpg\" data-image-id=\"1766\" class=\"ut-adaptive-image wp-post-image skip-lazy \">\r\n\r\n        \r\n                        \r\n                    <\/figure>\r\n                    \r\n                <\/a>  \r\n                \r\n                <a href=\"https:\/\/eestimaja.se\/et\/2023\/06\/\">\r\n                \r\n                    <div class=\"date-format\">\r\n                        <span class=\"day\">05<\/span>\r\n                        <span class=\"month\">juuni 2023<\/span>\r\n                    <\/div>\r\n                \r\n                <\/a>\r\n\r\n            <\/div>                                                                                                                         \r\n\r\n        <\/div><!-- close ut-post-thumbnail -->\r\n\r\n                \r\n                \r\n        <a class=\"ut-blog-link\" title=\"Aasta \u00fcldkoosolek 2023\" href=\"https:\/\/eestimaja.se\/et\/aasta-uldkoosolek-2023\/\" rel=\"bookmark\">     \r\n              \r\n            <div class=\"ut-blog-grid-content-wrap\"> \r\n\r\n                \r\n                    <header class=\"entry-header\">\r\n\r\n                        <h2 data-responsive-font=\"grid_blog_title\" class=\"entry-title\">Aasta \u00fcldkoosolek 2023<\/h2>\r\n\r\n                    <\/header>\r\n                    <!-- close entry-header -->\r\n\r\n                 \r\n\r\n                <!-- entry-content -->\r\n                <div class=\"entry-content clearfix\">\r\n\r\n                    <p>Koosoleku dokumendid ja osaluskutse<\/p>\n\r\n                <\/div>\r\n                <!-- entry-content -->\r\n\r\n            <\/div>\r\n        \r\n        <\/a>\r\n        \r\n\t\t                        \r\n    <\/div>\r\n    \r\n<\/article>\r\n<!-- #post-2211 -->\r\n\r\n<article id=\"post-2217\" class=\"grid-33 tablet-grid-50 mobile-grid-100 ut-blog-grid-article clearfix post-2217 post type-post status-publish format-standard has-post-thumbnail hentry category-teated\">\r\n    \r\n    <div class=\"ut-blog-grid-article-inner\">\r\n    \t\r\n\t\t\t\t\r\n                        \r\n\r\n        <!-- ut-post-thumbnail -->\r\n        <div class=\"ut-post-thumbnail\">     \r\n\r\n            <div class=\"entry-thumbnail\">\r\n\r\n                \r\n                <a title=\"Permanent Link to Aasta \u00fcldkoosolek 2022\" href=\"https:\/\/eestimaja.se\/et\/aasta-uldkoosolek-2022\/\">                \r\n                    \r\n                    <figure class=\"ut-post-thumbnail-caption-wrap\">\r\n\r\n                        \r\n        <img loading=\"lazy\" decoding=\"async\" data-adaptive-images=\"{&quot;300&quot;:&quot;https:\\\/\\\/eestimaja.se\\\/wp-content\\\/uploads\\\/2023\\\/03\\\/Annual-meeting-300x250.jpg&quot;,&quot;500&quot;:&quot;https:\\\/\\\/eestimaja.se\\\/wp-content\\\/uploads\\\/2023\\\/03\\\/Annual-meeting-500x417.jpg&quot;,&quot;750&quot;:&quot;https:\\\/\\\/eestimaja.se\\\/wp-content\\\/uploads\\\/2023\\\/03\\\/Annual-meeting-750x625.jpg&quot;,&quot;1000&quot;:&quot;https:\\\/\\\/eestimaja.se\\\/wp-content\\\/uploads\\\/2023\\\/03\\\/Annual-meeting-1000x833.jpg&quot;,&quot;1500&quot;:&quot;https:\\\/\\\/eestimaja.se\\\/wp-content\\\/uploads\\\/2023\\\/03\\\/Annual-meeting-1500x1250.jpg&quot;,&quot;2500&quot;:&quot;https:\\\/\\\/eestimaja.se\\\/wp-content\\\/uploads\\\/2023\\\/03\\\/Annual-meeting-2500x2083.jpg&quot;}\" src=\"data:image\/svg+xml;charset=utf-8,%3Csvg xmlns%3D&#039;http%3A%2F%2Fwww.w3.org%2F2000%2Fsvg&#039; viewBox%3D&#039;0 0 1500 1250&#039;%2F%3E\" width=\"1500\" height=\"1250\" data-src=\"https:\/\/eestimaja.se\/wp-content\/uploads\/2023\/03\/Annual-meeting-1500x1250.jpg\" data-image-id=\"1766\" class=\"ut-adaptive-image wp-post-image skip-lazy \">\r\n\r\n        \r\n                        \r\n                    <\/figure>\r\n                    \r\n                <\/a>  \r\n                \r\n                <a href=\"https:\/\/eestimaja.se\/et\/2022\/05\/\">\r\n                \r\n                    <div class=\"date-format\">\r\n                        <span class=\"day\">20<\/span>\r\n                        <span class=\"month\">mai 2022<\/span>\r\n                    <\/div>\r\n                \r\n                <\/a>\r\n\r\n            <\/div>                                                                                                                         \r\n\r\n        <\/div><!-- close ut-post-thumbnail -->\r\n\r\n                \r\n                \r\n        <a class=\"ut-blog-link\" title=\"Aasta \u00fcldkoosolek 2022\" href=\"https:\/\/eestimaja.se\/et\/aasta-uldkoosolek-2022\/\" rel=\"bookmark\">     \r\n              \r\n            <div class=\"ut-blog-grid-content-wrap\"> \r\n\r\n                \r\n                    <header class=\"entry-header\">\r\n\r\n                        <h2 data-responsive-font=\"grid_blog_title\" class=\"entry-title\">Aasta \u00fcldkoosolek 2022<\/h2>\r\n\r\n                    <\/header>\r\n                    <!-- close entry-header -->\r\n\r\n                 \r\n\r\n                <!-- entry-content -->\r\n                <div class=\"entry-content clearfix\">\r\n\r\n                    <p>Koosoleku dokumendid, osaluskutse, ettepanekud ja vastused ettepanekutele<\/p>\n\r\n                <\/div>\r\n                <!-- entry-content -->\r\n\r\n            <\/div>\r\n        \r\n        <\/a>\r\n        \r\n\t\t                        \r\n    <\/div>\r\n    \r\n<\/article>\r\n<!-- #post-2217 -->\r\n<\/div><\/div>[vc_empty_space height=&#8221;80px&#8221;][\/vc_column][\/vc_row]<\/p>\n<\/div>","protected":false},"excerpt":{"rendered":"<p>[vc_row css=&#8221;.vc_custom_1679251722833{margin-top: 60px !important;}&#8221;][vc_column][vc_empty_space height=&#8221;80px&#8221;][\/vc_column][\/vc_row]<\/p>\n","protected":false},"author":1,"featured_media":0,"parent":0,"menu_order":0,"comment_status":"closed","ping_status":"closed","template":"","meta":{"footnotes":"","_links_to":"","_links_to_target":""},"class_list":["post-2169","page","type-page","status-publish","hentry"],"yoast_head":"<!-- This site is optimized with the Yoast SEO plugin v26.0 - https:\/\/yoast.com\/wordpress\/plugins\/seo\/ -->\n<title>Teated ja uudised - Stockholmi Eesti Maja<\/title>\n<meta name=\"robots\" content=\"index, follow, max-snippet:-1, max-image-preview:large, max-video-preview:-1\" \/>\n<link rel=\"canonical\" href=\"https:\/\/eestimaja.se\/et\/teated-ja-uudised\/\" \/>\n<meta property=\"og:locale\" content=\"et_EE\" \/>\n<meta property=\"og:type\" content=\"article\" \/>\n<meta property=\"og:title\" content=\"Teated ja uudised - Stockholmi Eesti Maja\" \/>\n<meta property=\"og:description\" content=\"[vc_row css=&#8221;.vc_custom_1679251722833{margin-top: 60px !important;}&#8221;][vc_column][vc_empty_space height=&#8221;80px&#8221;][\/vc_column][\/vc_row]\" \/>\n<meta property=\"og:url\" content=\"https:\/\/eestimaja.se\/et\/teated-ja-uudised\/\" \/>\n<meta property=\"og:site_name\" content=\"Stockholmi Eesti Maja\" \/>\n<meta property=\"article:publisher\" content=\"https:\/\/www.facebook.com\/estniskahuset\" \/>\n<meta property=\"article:modified_time\" content=\"2023-06-07T09:57:41+00:00\" \/>\n<meta name=\"twitter:card\" content=\"summary_large_image\" \/>\n<meta name=\"twitter:label1\" content=\"Est. reading time\" \/>\n\t<meta name=\"twitter:data1\" content=\"1 minut\" \/>\n<script type=\"application\/ld+json\" class=\"yoast-schema-graph\">{\"@context\":\"https:\/\/schema.org\",\"@graph\":[{\"@type\":\"WebPage\",\"@id\":\"https:\/\/eestimaja.se\/et\/teated-ja-uudised\/\",\"url\":\"https:\/\/eestimaja.se\/et\/teated-ja-uudised\/\",\"name\":\"Teated ja uudised - Stockholmi Eesti Maja\",\"isPartOf\":{\"@id\":\"https:\/\/eestimaja.se\/et\/#website\"},\"datePublished\":\"2023-03-12T15:02:50+00:00\",\"dateModified\":\"2023-06-07T09:57:41+00:00\",\"breadcrumb\":{\"@id\":\"https:\/\/eestimaja.se\/et\/teated-ja-uudised\/#breadcrumb\"},\"inLanguage\":\"et\",\"potentialAction\":[{\"@type\":\"ReadAction\",\"target\":[\"https:\/\/eestimaja.se\/et\/teated-ja-uudised\/\"]}]},{\"@type\":\"BreadcrumbList\",\"@id\":\"https:\/\/eestimaja.se\/et\/teated-ja-uudised\/#breadcrumb\",\"itemListElement\":[{\"@type\":\"ListItem\",\"position\":1,\"name\":\"Home\",\"item\":\"https:\/\/eestimaja.se\/et\/\"},{\"@type\":\"ListItem\",\"position\":2,\"name\":\"Teated ja uudised\"}]},{\"@type\":\"WebSite\",\"@id\":\"https:\/\/eestimaja.se\/et\/#website\",\"url\":\"https:\/\/eestimaja.se\/et\/\",\"name\":\"Stockholmi Eesti Maja\",\"description\":\"\",\"publisher\":{\"@id\":\"https:\/\/eestimaja.se\/et\/#organization\"},\"potentialAction\":[{\"@type\":\"SearchAction\",\"target\":{\"@type\":\"EntryPoint\",\"urlTemplate\":\"https:\/\/eestimaja.se\/et\/?s={search_term_string}\"},\"query-input\":{\"@type\":\"PropertyValueSpecification\",\"valueRequired\":true,\"valueName\":\"search_term_string\"}}],\"inLanguage\":\"et\"},{\"@type\":\"Organization\",\"@id\":\"https:\/\/eestimaja.se\/et\/#organization\",\"name\":\"Stockholmi Eesti Maja\",\"url\":\"https:\/\/eestimaja.se\/et\/\",\"logo\":{\"@type\":\"ImageObject\",\"inLanguage\":\"et\",\"@id\":\"https:\/\/eestimaja.se\/et\/#\/schema\/logo\/image\/\",\"url\":\"https:\/\/eestimaja.se\/wp-content\/uploads\/2023\/03\/EestiMaja-favicon.png\",\"contentUrl\":\"https:\/\/eestimaja.se\/wp-content\/uploads\/2023\/03\/EestiMaja-favicon.png\",\"width\":300,\"height\":300,\"caption\":\"Stockholmi Eesti Maja\"},\"image\":{\"@id\":\"https:\/\/eestimaja.se\/et\/#\/schema\/logo\/image\/\"},\"sameAs\":[\"https:\/\/www.facebook.com\/estniskahuset\"]}]}<\/script>\n<!-- \/ Yoast SEO plugin. -->","yoast_head_json":{"title":"Teated ja uudised - Stockholmi Eesti Maja","robots":{"index":"index","follow":"follow","max-snippet":"max-snippet:-1","max-image-preview":"max-image-preview:large","max-video-preview":"max-video-preview:-1"},"canonical":"https:\/\/eestimaja.se\/et\/teated-ja-uudised\/","og_locale":"et_EE","og_type":"article","og_title":"Teated ja uudised - Stockholmi Eesti Maja","og_description":"[vc_row css=&#8221;.vc_custom_1679251722833{margin-top: 60px !important;}&#8221;][vc_column][vc_empty_space height=&#8221;80px&#8221;][\/vc_column][\/vc_row]","og_url":"https:\/\/eestimaja.se\/et\/teated-ja-uudised\/","og_site_name":"Stockholmi Eesti Maja","article_publisher":"https:\/\/www.facebook.com\/estniskahuset","article_modified_time":"2023-06-07T09:57:41+00:00","twitter_card":"summary_large_image","twitter_misc":{"Est. reading time":"1 minut"},"schema":{"@context":"https:\/\/schema.org","@graph":[{"@type":"WebPage","@id":"https:\/\/eestimaja.se\/et\/teated-ja-uudised\/","url":"https:\/\/eestimaja.se\/et\/teated-ja-uudised\/","name":"Teated ja uudised - Stockholmi Eesti Maja","isPartOf":{"@id":"https:\/\/eestimaja.se\/et\/#website"},"datePublished":"2023-03-12T15:02:50+00:00","dateModified":"2023-06-07T09:57:41+00:00","breadcrumb":{"@id":"https:\/\/eestimaja.se\/et\/teated-ja-uudised\/#breadcrumb"},"inLanguage":"et","potentialAction":[{"@type":"ReadAction","target":["https:\/\/eestimaja.se\/et\/teated-ja-uudised\/"]}]},{"@type":"BreadcrumbList","@id":"https:\/\/eestimaja.se\/et\/teated-ja-uudised\/#breadcrumb","itemListElement":[{"@type":"ListItem","position":1,"name":"Home","item":"https:\/\/eestimaja.se\/et\/"},{"@type":"ListItem","position":2,"name":"Teated ja uudised"}]},{"@type":"WebSite","@id":"https:\/\/eestimaja.se\/et\/#website","url":"https:\/\/eestimaja.se\/et\/","name":"Stockholmi Eesti Maja","description":"","publisher":{"@id":"https:\/\/eestimaja.se\/et\/#organization"},"potentialAction":[{"@type":"SearchAction","target":{"@type":"EntryPoint","urlTemplate":"https:\/\/eestimaja.se\/et\/?s={search_term_string}"},"query-input":{"@type":"PropertyValueSpecification","valueRequired":true,"valueName":"search_term_string"}}],"inLanguage":"et"},{"@type":"Organization","@id":"https:\/\/eestimaja.se\/et\/#organization","name":"Stockholmi Eesti Maja","url":"https:\/\/eestimaja.se\/et\/","logo":{"@type":"ImageObject","inLanguage":"et","@id":"https:\/\/eestimaja.se\/et\/#\/schema\/logo\/image\/","url":"https:\/\/eestimaja.se\/wp-content\/uploads\/2023\/03\/EestiMaja-favicon.png","contentUrl":"https:\/\/eestimaja.se\/wp-content\/uploads\/2023\/03\/EestiMaja-favicon.png","width":300,"height":300,"caption":"Stockholmi Eesti Maja"},"image":{"@id":"https:\/\/eestimaja.se\/et\/#\/schema\/logo\/image\/"},"sameAs":["https:\/\/www.facebook.com\/estniskahuset"]}]}},"publishpress_future_action":{"enabled":false,"date":"2026-05-08 20:53:40","action":"change-status","newStatus":"draft","terms":[],"taxonomy":"translation_priority","extraData":[]},"publishpress_future_workflow_manual_trigger":{"enabledWorkflows":[]},"_links":{"self":[{"href":"https:\/\/eestimaja.se\/et\/wp-json\/wp\/v2\/pages\/2169","targetHints":{"allow":["GET"]}}],"collection":[{"href":"https:\/\/eestimaja.se\/et\/wp-json\/wp\/v2\/pages"}],"about":[{"href":"https:\/\/eestimaja.se\/et\/wp-json\/wp\/v2\/types\/page"}],"author":[{"embeddable":true,"href":"https:\/\/eestimaja.se\/et\/wp-json\/wp\/v2\/users\/1"}],"replies":[{"embeddable":true,"href":"https:\/\/eestimaja.se\/et\/wp-json\/wp\/v2\/comments?post=2169"}],"version-history":[{"count":5,"href":"https:\/\/eestimaja.se\/et\/wp-json\/wp\/v2\/pages\/2169\/revisions"}],"predecessor-version":[{"id":3177,"href":"https:\/\/eestimaja.se\/et\/wp-json\/wp\/v2\/pages\/2169\/revisions\/3177"}],"wp:attachment":[{"href":"https:\/\/eestimaja.se\/et\/wp-json\/wp\/v2\/media?parent=2169"}],"curies":[{"name":"wp","href":"https:\/\/api.w.org\/{rel}","templated":true}]}}